{"id":71,"date":"2022-12-14T21:33:48","date_gmt":"2022-12-14T21:33:48","guid":{"rendered":"https:\/\/lyd-produktion.dk\/?page_id=71"},"modified":"2024-05-09T19:21:07","modified_gmt":"2024-05-09T19:21:07","slug":"hvem","status":"publish","type":"page","link":"https:\/\/lyd-produktion.dk\/index.php\/hvem\/","title":{"rendered":"Hvem"},"content":{"rendered":"\n<p>Jeg er musiker, autodidakt lydtekniker og uddannet l\u00e6rer. Jeg har siden 1990&#8217;erne arbejdet med live lydproduktion og indspilning.<\/p>\n\n\n\n<p>Jeg har altid fokus p\u00e5 den <strong>totale lydoplevelse<\/strong>, &#8211; for s\u00e5vel musikere\/akt\u00f8rer, som publikum.<\/p>\n\n\n\n<p><strong>\u201cGlade kunstnere spiller bedst\u201d<\/strong> &#8211; og som ud\u00f8vende musiker ved jeg hvor vigtigt det er at f\u00f8le sig godt tilpas p\u00e5 scenen. Opst\u00e5r der problemer undervejs, l\u00f8ses de til alles tilfredshed!<\/p>\n\n\n\n<p>Jeg har arbejdet med amat\u00f8rer og professionelle, med musik, teater, musicals og konferencer\/foredrag og debatter. Jeg er en <strong>alsidig lydtekniker<\/strong> med bred musikalsk viden.<\/p>\n\n\n\n<p>Som musiker har jeg arbejdet med stort set alle genrer og har stor forst\u00e5else for balance og lydbillede. Min tilgang er ydmyg og jeg arbejder aktivt gennem hele arrangementet s\u00e5 <strong>lyden til alle tider bliver optimeret <\/strong>ift. behovet.<\/p>\n\n\n\n<figure class=\"wp-block-pullquote\"><blockquote><p>\u201cTak for et yderst behageligt samarbejde!\u201d<\/p><cite><a href=\"https:\/\/dieherren.com\/index.html\" target=\"_blank\" rel=\"noreferrer noopener\">Die herren<\/a><\/cite><\/blockquote><\/figure>\n\n\n\n<hr class=\"wp-block-separator has-alpha-channel-opacity\"\/>\n\n\n\n<figure class=\"wp-block-pullquote\"><blockquote><p>&#8220;Nu ved jeg hvem jeg skal kontakte fremover&#8221;<\/p><cite><a href=\"https:\/\/www.kristianlilholt.dk\/det-fuldendte-land\" data-type=\"URL\" data-id=\"https:\/\/www.kristianlilholt.dk\/det-fuldendte-land\" target=\"_blank\" rel=\"noreferrer noopener\">Kristian lilholt<\/a>, &#8211; Det Fuldendte Land<\/cite><\/blockquote><\/figure>\n\n\n\n<hr class=\"wp-block-separator has-alpha-channel-opacity\"\/>\n\n\n\n<figure class=\"wp-block-pullquote\"><blockquote><p>&#8220;Taaaaak \u2764\ufe0f&#8221;<\/p><cite><a href=\"https:\/\/mariecarmenkoppel.dk\/\" target=\"_blank\" rel=\"noreferrer noopener\">MArie carmen koppel<\/a><\/cite><\/blockquote><\/figure>\n\n\n\n<figure class=\"wp-block-pullquote\"><blockquote><p>Thank you so much!! Appreciate your great work on the sound.<\/p><cite><a href=\"https:\/\/www.southforwintermusic.com\/\" target=\"_blank\" rel=\"noreferrer noopener\">south for winter (nz\/usa)<\/a><\/cite><\/blockquote><\/figure>\n\n\n\n<p><\/p>\n\n\n\n<p><\/p>\n\n\n\n<p><\/p>\n","protected":false},"excerpt":{"rendered":"<p>Jeg er musiker, autodidakt lydtekniker og uddannet l\u00e6rer. Jeg har siden 1990&#8217;erne arbejdet med live lydproduktion og indspilning. Jeg har altid fokus p\u00e5 den totale lydoplevelse, &#8211; for s\u00e5vel musikere\/akt\u00f8rer, som publikum. \u201cGlade kunstnere spiller bedst\u201d &#8211; og som ud\u00f8vende musiker ved jeg hvor vigtigt det er at f\u00f8le sig godt tilpas p\u00e5 scenen. Opst\u00e5r &hellip; <\/p>\n<p class=\"link-more\"><a href=\"https:\/\/lyd-produktion.dk\/index.php\/hvem\/\" class=\"more-link\">L\u00e6s mere<span class=\"screen-reader-text\"> \u201cHvem\u201d<\/span><\/a><\/p>\n","protected":false},"author":1,"featured_media":0,"parent":0,"menu_order":0,"comment_status":"closed","ping_status":"closed","template":"page-templates\/homepage-builder-bb.php","meta":{"footnotes":""},"class_list":["post-71","page","type-page","status-publish","hentry"],"_links":{"self":[{"href":"https:\/\/lyd-produktion.dk\/index.php\/wp-json\/wp\/v2\/pages\/71","targetHints":{"allow":["GET"]}}],"collection":[{"href":"https:\/\/lyd-produktion.dk\/index.php\/wp-json\/wp\/v2\/pages"}],"about":[{"href":"https:\/\/lyd-produktion.dk\/index.php\/wp-json\/wp\/v2\/types\/page"}],"author":[{"embeddable":true,"href":"https:\/\/lyd-produktion.dk\/index.php\/wp-json\/wp\/v2\/users\/1"}],"replies":[{"embeddable":true,"href":"https:\/\/lyd-produktion.dk\/index.php\/wp-json\/wp\/v2\/comments?post=71"}],"version-history":[{"count":23,"href":"https:\/\/lyd-produktion.dk\/index.php\/wp-json\/wp\/v2\/pages\/71\/revisions"}],"predecessor-version":[{"id":315,"href":"https:\/\/lyd-produktion.dk\/index.php\/wp-json\/wp\/v2\/pages\/71\/revisions\/315"}],"wp:attachment":[{"href":"https:\/\/lyd-produktion.dk\/index.php\/wp-json\/wp\/v2\/media?parent=71"}],"curies":[{"name":"wp","href":"https:\/\/api.w.org\/{rel}","templated":true}]}}